{"id":10,"date":"2020-07-11T18:56:52","date_gmt":"2020-07-11T16:56:52","guid":{"rendered":"https:\/\/www.culturalvila-seca.cat\/cavallalat\/?page_id=10"},"modified":"2020-07-27T19:23:41","modified_gmt":"2020-07-27T17:23:41","slug":"historia","status":"publish","type":"page","link":"https:\/\/www.culturalvila-seca.cat\/cavallalat\/historia\/","title":{"rendered":"Hist\u00f2ria"},"content":{"rendered":"\n<div class=\"wp-block-group alignfull block_skew intro_pagina\"><div class=\"wp-block-group__inner-container is-layout-flow wp-block-group-is-layout-flow\"><h1>Hist\u00f2ria<\/h1>\n\n\n\n<p>Nascut l&#8217;any 2019, el Cavall Alat \u00e9s el nou protagonista del seguici.<\/p>\n<\/div><\/div>\n\n\n\n<h3 class=\"wp-block-heading\">El cavall, figura del bestiari popular i element emblem\u00e0tic de la vila<\/h3>\n\n\n\n<p>Amb la voluntat de fer cr\u00e9ixer el Seguici Popular de la nostra ciutat, es va encarregar a l\u2019escultor i ferrer local Antoni Mas i Castelltort un cavall com a figura del bestiari popular que serveixi com a element emblem\u00e0tic i de representaci\u00f3 de la vila, amb la intenci\u00f3 d\u2019assimilar-ho al mateix car\u00e0cter d\u2019altres elements de ciutats ve\u00efnes com l\u2019\u00c0liga i el Lle\u00f3.<\/p>\n\n\n\n<p>Vila-seca celebra, any rere any, la festa major d\u2019hivern, al voltant del dia 17 de gener, Sant Antoni Abat, copatr\u00f3 de la ciutat. Entre els actes m\u00e9s destacats, figura el \u201cC\u00f3s de Sant Antoni\u201d, tradicionals curses de cavalls declarades \u201cElement Festiu Tradicional d\u2019Inter\u00e8s Nacional\u201d segons acord del Govern de la Generalitat de Catalunya n\u00fam. GOV\/207\/2010, de data 16 de novembre de 2010.<\/p>\n\n\n\n<figure class=\"wp-block-image size-large\"><img loading=\"lazy\" decoding=\"async\" width=\"683\" height=\"1024\" src=\"https:\/\/www.culturalvila-seca.cat\/cavallalat\/wp-content\/uploads\/sites\/11\/2020\/07\/MG_3268-683x1024.jpg\" alt=\"\" class=\"wp-image-68\" srcset=\"https:\/\/www.culturalvila-seca.cat\/cavallalat\/wp-content\/uploads\/sites\/11\/2020\/07\/MG_3268-683x1024.jpg 683w, https:\/\/www.culturalvila-seca.cat\/cavallalat\/wp-content\/uploads\/sites\/11\/2020\/07\/MG_3268-200x300.jpg 200w, https:\/\/www.culturalvila-seca.cat\/cavallalat\/wp-content\/uploads\/sites\/11\/2020\/07\/MG_3268-768x1152.jpg 768w, https:\/\/www.culturalvila-seca.cat\/cavallalat\/wp-content\/uploads\/sites\/11\/2020\/07\/MG_3268-1024x1536.jpg 1024w, https:\/\/www.culturalvila-seca.cat\/cavallalat\/wp-content\/uploads\/sites\/11\/2020\/07\/MG_3268-1365x2048.jpg 1365w, https:\/\/www.culturalvila-seca.cat\/cavallalat\/wp-content\/uploads\/sites\/11\/2020\/07\/MG_3268-scaled.jpg 1707w\" sizes=\"auto, (max-width: 683px) 100vw, 683px\" \/><\/figure>\n\n\n\n<p>D\u2019aquest moment festiu neix la idea original i, per tant l\u2019obra d\u2019Antoni Mas, que com a tot vila-sec\u00e0 viu aquest m\u00f3n d\u2019una forma especial i que ell l\u2019ha transformat en una joguina articulada que molts hem tingut probablement durant la inf\u00e0ncia, en formes diverses.<\/p>\n\n\n\n<p>Aquesta joguina es convertir\u00e0 en un element emblem\u00e0tic i distintiu del nostre seguici popular que acompanyar\u00e0 durant les festes als gegants, grallers i capgrossos, als bastoners i els balls de l\u2019esbart dansaire i als nostres elements de foc, els trabucaires i el ball de diables i diablons.<\/p>\n\n\n\n<p>Els vestits dels portadors s\u00f3n creaci\u00f3 de la Sra. Mar Altadill, sobre la idea de crear una roba elegant qu\u00e8 es fusioni amb la figura, per fer un \u00fanic element, d\u2019aqu\u00ed els colors platejats que presenta. El color morat dels accessoris \u00e9s el color t\u00edpic del Camp de Tarragona.<\/p>\n\n\n\n<h3 class=\"wp-block-heading\">Dues composicions musicals<\/h3>\n\n\n\n<p>La m\u00fasica \u00e9s un enc\u00e0rrec al compositor i professor del Conservatori Municipal de M\u00fasica de Vila-seca, el Sr. Antoni Alburquerque. S\u2019han creat dues peces que formen els balls del Cavall Alat. Un ball solemne, el \u201cball solemne del Cavall Alat de Vila-seca\u201d, pensat pels moments m\u00e9s protocol\u00b7laris o per aquelles actuacions amb m\u00e9s c\u00e0rrega lit\u00fargica, I un pasdoble, \u201cel Cavalat de Vila-seca\u201d amb un ritme m\u00e9s festiu per fer ballar el p\u00fablic m\u00e9s exigent.<\/p>\n\n\n\n<figure class=\"wp-block-image size-large\"><img loading=\"lazy\" decoding=\"async\" width=\"683\" height=\"1024\" src=\"https:\/\/www.culturalvila-seca.cat\/cavallalat\/wp-content\/uploads\/sites\/11\/2020\/07\/MG_3285-683x1024.jpg\" alt=\"\" class=\"wp-image-64\" srcset=\"https:\/\/www.culturalvila-seca.cat\/cavallalat\/wp-content\/uploads\/sites\/11\/2020\/07\/MG_3285-683x1024.jpg 683w, https:\/\/www.culturalvila-seca.cat\/cavallalat\/wp-content\/uploads\/sites\/11\/2020\/07\/MG_3285-200x300.jpg 200w, https:\/\/www.culturalvila-seca.cat\/cavallalat\/wp-content\/uploads\/sites\/11\/2020\/07\/MG_3285-768x1152.jpg 768w, https:\/\/www.culturalvila-seca.cat\/cavallalat\/wp-content\/uploads\/sites\/11\/2020\/07\/MG_3285-1024x1536.jpg 1024w, https:\/\/www.culturalvila-seca.cat\/cavallalat\/wp-content\/uploads\/sites\/11\/2020\/07\/MG_3285-1365x2048.jpg 1365w, https:\/\/www.culturalvila-seca.cat\/cavallalat\/wp-content\/uploads\/sites\/11\/2020\/07\/MG_3285-scaled.jpg 1706w\" sizes=\"auto, (max-width: 683px) 100vw, 683px\" \/><\/figure>\n\n\n\n<p>La coreografia \u00e9s obra del Sr. Mari\u00e0 Gil, concebuda com un aut\u00e8ntic ballet eq\u00fcestre on el portador condueix l\u2019element amb l\u2019eleg\u00e0ncia i l\u2019estil dels pura sang. Els carrers i places s\u2019omplen de majestuosos girs i \u201carreones\u201d al comp\u00e0s de la m\u00fasica.<\/p>\n\n\n\n<h3 class=\"wp-block-heading\">Acompanyats de la Txaranga Band Tocats<\/h3>\n\n\n\n<p>Per finalitzar, la Txaranga Band Tocats \u00e9s l\u2019encarregada de fer l\u2019acompanyament musical. S\u00f3n un grup de musics Vila-secans que creen la banda l\u2019any 2007 i des d\u2019aleshores, han realitzat nombroses actuacions en diferents localitats de Catalunya, Arag\u00f3, Andorra i Fran\u00e7a.<\/p>\n\n\n\n<p>L\u2019any 2016, al Festival Nacional de Charangas de Poza de la Sal (Burgos), van guanyar el Premi a Millor Xaranga Estatal i el segon premi del p\u00fablic, convertint-se en la gran revelaci\u00f3 de l\u2019esmentada edici\u00f3. En l&#8217;actualitat s\u00f3n 12 m\u00fasics de diferents edats amb un objectiu principal, passar-s\u2019ho b\u00e9 tocant, cantant, animant i cercant la complicitat i la diversi\u00f3 del p\u00fablic a qu\u00e8 sempre intenten fer gaudir.<\/p>\n\n\n\n<figure class=\"wp-block-image size-large\"><img loading=\"lazy\" decoding=\"async\" width=\"1024\" height=\"683\" src=\"https:\/\/www.culturalvila-seca.cat\/cavallalat\/wp-content\/uploads\/sites\/11\/2020\/07\/MG_3323-1024x683.jpg\" alt=\"\" class=\"wp-image-67\" srcset=\"https:\/\/www.culturalvila-seca.cat\/cavallalat\/wp-content\/uploads\/sites\/11\/2020\/07\/MG_3323-1024x683.jpg 1024w, https:\/\/www.culturalvila-seca.cat\/cavallalat\/wp-content\/uploads\/sites\/11\/2020\/07\/MG_3323-300x200.jpg 300w, https:\/\/www.culturalvila-seca.cat\/cavallalat\/wp-content\/uploads\/sites\/11\/2020\/07\/MG_3323-768x512.jpg 768w, https:\/\/www.culturalvila-seca.cat\/cavallalat\/wp-content\/uploads\/sites\/11\/2020\/07\/MG_3323-1536x1024.jpg 1536w, https:\/\/www.culturalvila-seca.cat\/cavallalat\/wp-content\/uploads\/sites\/11\/2020\/07\/MG_3323-2048x1365.jpg 2048w\" sizes=\"auto, (max-width: 1024px) 100vw, 1024px\" \/><\/figure>\n\n\n\n<p><\/p>\n","protected":false},"excerpt":{"rendered":"<p>Nascut l&#8217;any 2019, el Cavall Alat \u00e9s el nou protagonista del seguici. El cavall, figura del bestiari popular i element emblem\u00e0tic de la vila Amb la voluntat de fer cr\u00e9ixer el Seguici Popular de la nostra ciutat, es va encarregar a l\u2019escultor i ferrer local Antoni Mas i Castelltort un cavall com a figura del [&hellip;]<\/p>\n","protected":false},"author":1,"featured_media":90,"parent":0,"menu_order":0,"comment_status":"closed","ping_status":"closed","template":"","meta":{"_acf_changed":false,"footnotes":""},"class_list":["post-10","page","type-page","status-publish","has-post-thumbnail","hentry"],"acf":[],"_links":{"self":[{"href":"https:\/\/www.culturalvila-seca.cat\/cavallalat\/wp-json\/wp\/v2\/pages\/10","targetHints":{"allow":["GET"]}}],"collection":[{"href":"https:\/\/www.culturalvila-seca.cat\/cavallalat\/wp-json\/wp\/v2\/pages"}],"about":[{"href":"https:\/\/www.culturalvila-seca.cat\/cavallalat\/wp-json\/wp\/v2\/types\/page"}],"author":[{"embeddable":true,"href":"https:\/\/www.culturalvila-seca.cat\/cavallalat\/wp-json\/wp\/v2\/users\/1"}],"replies":[{"embeddable":true,"href":"https:\/\/www.culturalvila-seca.cat\/cavallalat\/wp-json\/wp\/v2\/comments?post=10"}],"version-history":[{"count":8,"href":"https:\/\/www.culturalvila-seca.cat\/cavallalat\/wp-json\/wp\/v2\/pages\/10\/revisions"}],"predecessor-version":[{"id":97,"href":"https:\/\/www.culturalvila-seca.cat\/cavallalat\/wp-json\/wp\/v2\/pages\/10\/revisions\/97"}],"wp:featuredmedia":[{"embeddable":true,"href":"https:\/\/www.culturalvila-seca.cat\/cavallalat\/wp-json\/wp\/v2\/media\/90"}],"wp:attachment":[{"href":"https:\/\/www.culturalvila-seca.cat\/cavallalat\/wp-json\/wp\/v2\/media?parent=10"}],"curies":[{"name":"wp","href":"https:\/\/api.w.org\/{rel}","templated":true}]}}