{"id":10,"date":"2020-07-11T18:57:26","date_gmt":"2020-07-11T16:57:26","guid":{"rendered":"https:\/\/www.culturalvila-seca.cat\/lletres\/?page_id=10"},"modified":"2021-07-27T09:05:57","modified_gmt":"2021-07-27T07:05:57","slug":"historia","status":"publish","type":"page","link":"https:\/\/www.culturalvila-seca.cat\/lletres\/historia\/","title":{"rendered":"Hist\u00f2ria"},"content":{"rendered":"\n<div class=\"wp-block-group alignfull block_skew intro_pagina\"><div class=\"wp-block-group__inner-container is-layout-flow wp-block-group-is-layout-flow\"><h1>Hist\u00f2ria<\/h1>\n\n\n\n<p>Nascuts l&#8217;any 1971, formem part de l&#8217;Associaci\u00f3 Cultural des del primer dia.<\/p>\n<\/div><\/div>\n\n\n\n<p>La Secci\u00f3 de Lletres es va crear l\u2019any 1971, juntament amb l\u2019Agrupaci\u00f3 Cultural, de la que en formava i en forma part. El primer president va ser Ramon Farriol i el segon, Carles Jans\u00e0 . Tamb\u00e9 han format part de les juntes, David Melero, Estefania Genov\u00e8s, Josep Morell, Montserrat Garriga, Pineda Vaquer, Ramon Set\u00f3, Maria Estrad\u00e9 i Josep Toquero.<\/p>\n\n\n\n<div class=\"wp-block-image\"><figure class=\"aligncenter size-medium\"><img loading=\"lazy\" decoding=\"async\" width=\"181\" height=\"300\" src=\"https:\/\/www.culturalvila-seca.cat\/lletres\/wp-content\/uploads\/sites\/13\/2020\/08\/Screenshot_20200826-092815_Docs-181x300.jpg\" alt=\"Presentaci\u00f3 de la monografia sobre les Epid\u00e8mies a Vila-seca \" class=\"wp-image-96\" srcset=\"https:\/\/www.culturalvila-seca.cat\/lletres\/wp-content\/uploads\/sites\/13\/2020\/08\/Screenshot_20200826-092815_Docs-181x300.jpg 181w, https:\/\/www.culturalvila-seca.cat\/lletres\/wp-content\/uploads\/sites\/13\/2020\/08\/Screenshot_20200826-092815_Docs-619x1024.jpg 619w, https:\/\/www.culturalvila-seca.cat\/lletres\/wp-content\/uploads\/sites\/13\/2020\/08\/Screenshot_20200826-092815_Docs-768x1271.jpg 768w, https:\/\/www.culturalvila-seca.cat\/lletres\/wp-content\/uploads\/sites\/13\/2020\/08\/Screenshot_20200826-092815_Docs-928x1536.jpg 928w, https:\/\/www.culturalvila-seca.cat\/lletres\/wp-content\/uploads\/sites\/13\/2020\/08\/Screenshot_20200826-092815_Docs.jpg 1234w\" sizes=\"auto, (max-width: 181px) 100vw, 181px\" \/><\/figure><\/div>\n\n\n\n<p>La Secci\u00f3, a m\u00e9s a m\u00e9s de les subvencions municipals i algunes de la Generalitat i la Diputaci\u00f3 de Tarragona, sobretot al comen\u00e7ament, es mantenia gr\u00e0cies a la col\u00b7laboraci\u00f3 de persones subscriptores que es comprometien a la compra d\u2019un llibre a preu de cost. Els que no assitien a l\u2019acte de presentaci\u00f3, rebien el llibre a domicili. La llista va aconseguir la quantitat de 225 subscriptors. D\u2019exemplars tamb\u00e9 se\u2019n posaven a la venda a les llibreries de Vila-seca, Salou, Tarragona i Reus.<\/p>\n\n\n\n<p>Es mantenia tamb\u00e9 una relaci\u00f3 d\u2019intercanvis de publicacions amb Centres d\u2019Estudis d\u2019altres poblacions com Reus, Valls, Riudoms, Tarragona, la Canonja, la Selva del Camp, Cambrils, Alcover, Montblanc, etc.<\/p>\n\n\n\n<figure class=\"wp-block-gallery aligncenter columns-3 is-cropped wp-block-gallery-1 is-layout-flex wp-block-gallery-is-layout-flex\"><ul class=\"blocks-gallery-grid\"><li class=\"blocks-gallery-item\"><figure><img loading=\"lazy\" decoding=\"async\" width=\"1024\" height=\"804\" src=\"https:\/\/www.culturalvila-seca.cat\/lletres\/wp-content\/uploads\/sites\/13\/2020\/08\/presentaci\u00f3llibreLia\u00f1o1984-1024x804.jpg\" alt=\"\" data-id=\"85\" data-link=\"https:\/\/www.culturalvila-seca.cat\/lletres\/historia\/presentaciollibreliano1984\/\" class=\"wp-image-85\" srcset=\"https:\/\/www.culturalvila-seca.cat\/lletres\/wp-content\/uploads\/sites\/13\/2020\/08\/presentaci\u00f3llibreLia\u00f1o1984-1024x804.jpg 1024w, https:\/\/www.culturalvila-seca.cat\/lletres\/wp-content\/uploads\/sites\/13\/2020\/08\/presentaci\u00f3llibreLia\u00f1o1984-300x236.jpg 300w, https:\/\/www.culturalvila-seca.cat\/lletres\/wp-content\/uploads\/sites\/13\/2020\/08\/presentaci\u00f3llibreLia\u00f1o1984-768x603.jpg 768w, https:\/\/www.culturalvila-seca.cat\/lletres\/wp-content\/uploads\/sites\/13\/2020\/08\/presentaci\u00f3llibreLia\u00f1o1984.jpg 1439w\" sizes=\"auto, (max-width: 1024px) 100vw, 1024px\" \/><\/figure><\/li><li class=\"blocks-gallery-item\"><figure><img loading=\"lazy\" decoding=\"async\" width=\"968\" height=\"1024\" src=\"https:\/\/www.culturalvila-seca.cat\/lletres\/wp-content\/uploads\/sites\/13\/2020\/08\/concursliterari1981-968x1024.jpg\" alt=\"\" data-id=\"82\" data-link=\"https:\/\/www.culturalvila-seca.cat\/lletres\/historia\/concursliterari1981\/\" class=\"wp-image-82\" srcset=\"https:\/\/www.culturalvila-seca.cat\/lletres\/wp-content\/uploads\/sites\/13\/2020\/08\/concursliterari1981-968x1024.jpg 968w, https:\/\/www.culturalvila-seca.cat\/lletres\/wp-content\/uploads\/sites\/13\/2020\/08\/concursliterari1981-283x300.jpg 283w, https:\/\/www.culturalvila-seca.cat\/lletres\/wp-content\/uploads\/sites\/13\/2020\/08\/concursliterari1981-768x813.jpg 768w, https:\/\/www.culturalvila-seca.cat\/lletres\/wp-content\/uploads\/sites\/13\/2020\/08\/concursliterari1981.jpg 1440w\" sizes=\"auto, (max-width: 968px) 100vw, 968px\" \/><\/figure><\/li><li class=\"blocks-gallery-item\"><figure><img loading=\"lazy\" decoding=\"async\" width=\"754\" height=\"1024\" src=\"https:\/\/www.culturalvila-seca.cat\/lletres\/wp-content\/uploads\/sites\/13\/2020\/08\/concursliterari1985-754x1024.jpg\" alt=\"\" data-id=\"88\" data-link=\"https:\/\/www.culturalvila-seca.cat\/lletres\/historia\/concursliterari1985\/\" class=\"wp-image-88\" srcset=\"https:\/\/www.culturalvila-seca.cat\/lletres\/wp-content\/uploads\/sites\/13\/2020\/08\/concursliterari1985-754x1024.jpg 754w, https:\/\/www.culturalvila-seca.cat\/lletres\/wp-content\/uploads\/sites\/13\/2020\/08\/concursliterari1985-221x300.jpg 221w, https:\/\/www.culturalvila-seca.cat\/lletres\/wp-content\/uploads\/sites\/13\/2020\/08\/concursliterari1985-768x1043.jpg 768w, https:\/\/www.culturalvila-seca.cat\/lletres\/wp-content\/uploads\/sites\/13\/2020\/08\/concursliterari1985-1131x1536.jpg 1131w, https:\/\/www.culturalvila-seca.cat\/lletres\/wp-content\/uploads\/sites\/13\/2020\/08\/concursliterari1985.jpg 1439w\" sizes=\"auto, (max-width: 754px) 100vw, 754px\" \/><\/figure><\/li><li class=\"blocks-gallery-item\"><figure><img loading=\"lazy\" decoding=\"async\" width=\"1024\" height=\"659\" src=\"https:\/\/www.culturalvila-seca.cat\/lletres\/wp-content\/uploads\/sites\/13\/2020\/08\/concursliterari1987-1024x659.jpg\" alt=\"\" data-id=\"89\" data-full-url=\"https:\/\/www.culturalvila-seca.cat\/lletres\/wp-content\/uploads\/sites\/13\/2020\/08\/concursliterari1987.jpg\" data-link=\"https:\/\/www.culturalvila-seca.cat\/lletres\/historia\/concursliterari1987\/\" class=\"wp-image-89\" srcset=\"https:\/\/www.culturalvila-seca.cat\/lletres\/wp-content\/uploads\/sites\/13\/2020\/08\/concursliterari1987-1024x659.jpg 1024w, https:\/\/www.culturalvila-seca.cat\/lletres\/wp-content\/uploads\/sites\/13\/2020\/08\/concursliterari1987-300x193.jpg 300w, https:\/\/www.culturalvila-seca.cat\/lletres\/wp-content\/uploads\/sites\/13\/2020\/08\/concursliterari1987-768x494.jpg 768w, https:\/\/www.culturalvila-seca.cat\/lletres\/wp-content\/uploads\/sites\/13\/2020\/08\/concursliterari1987.jpg 1440w\" sizes=\"auto, (max-width: 1024px) 100vw, 1024px\" \/><\/figure><\/li><\/ul><\/figure>\n","protected":false},"excerpt":{"rendered":"<p>Nascuts l&#8217;any 1971, formem part de l&#8217;Associaci\u00f3 Cultural des del primer dia. La Secci\u00f3 de Lletres es va crear l\u2019any 1971, juntament amb l\u2019Agrupaci\u00f3 Cultural, de la que en formava i en forma part. El primer president va ser Ramon Farriol i el segon, Carles Jans\u00e0 . Tamb\u00e9 han format part de les juntes, David [&hellip;]<\/p>\n","protected":false},"author":1,"featured_media":0,"parent":0,"menu_order":0,"comment_status":"closed","ping_status":"closed","template":"","meta":{"_acf_changed":false,"footnotes":""},"class_list":["post-10","page","type-page","status-publish","hentry"],"acf":[],"_links":{"self":[{"href":"https:\/\/www.culturalvila-seca.cat\/lletres\/wp-json\/wp\/v2\/pages\/10","targetHints":{"allow":["GET"]}}],"collection":[{"href":"https:\/\/www.culturalvila-seca.cat\/lletres\/wp-json\/wp\/v2\/pages"}],"about":[{"href":"https:\/\/www.culturalvila-seca.cat\/lletres\/wp-json\/wp\/v2\/types\/page"}],"author":[{"embeddable":true,"href":"https:\/\/www.culturalvila-seca.cat\/lletres\/wp-json\/wp\/v2\/users\/1"}],"replies":[{"embeddable":true,"href":"https:\/\/www.culturalvila-seca.cat\/lletres\/wp-json\/wp\/v2\/comments?post=10"}],"version-history":[{"count":17,"href":"https:\/\/www.culturalvila-seca.cat\/lletres\/wp-json\/wp\/v2\/pages\/10\/revisions"}],"predecessor-version":[{"id":155,"href":"https:\/\/www.culturalvila-seca.cat\/lletres\/wp-json\/wp\/v2\/pages\/10\/revisions\/155"}],"wp:attachment":[{"href":"https:\/\/www.culturalvila-seca.cat\/lletres\/wp-json\/wp\/v2\/media?parent=10"}],"curies":[{"name":"wp","href":"https:\/\/api.w.org\/{rel}","templated":true}]}}