{"id":8,"date":"2020-07-11T18:52:02","date_gmt":"2020-07-11T16:52:02","guid":{"rendered":"https:\/\/www.culturalvila-seca.cat\/lletres\/?page_id=8"},"modified":"2022-12-15T14:27:34","modified_gmt":"2022-12-15T12:27:34","slug":"presentacio","status":"publish","type":"page","link":"https:\/\/www.culturalvila-seca.cat\/lletres\/presentacio\/","title":{"rendered":"Presentaci\u00f3"},"content":{"rendered":"\n<div class=\"wp-block-group alignfull block_skew intro_pagina\"><div class=\"wp-block-group__inner-container is-layout-flow wp-block-group-is-layout-flow\"><h1>Presentaci\u00f3<\/h1>\n\n\n\n<p>Promovem la creaci\u00f3 liter\u00e0ria i la investigaci\u00f3 de temes vila-secans.<\/p>\n<\/div><\/div>\n\n\n\n<p>La Secci\u00f3 de Lletres, que forma part de l\u2019Agrupaci\u00f3 Cultural de Vila-seca, es va crear amb l\u2019objectiu de promoure i estimular la creaci\u00f3 liter\u00e0ria, la investigaci\u00f3 de temes vila-secans sobre hist\u00f2ria, geografia, poesia, bot\u00e0nica, topografia, etc. Aquest conjunt d&#8217;activitats configuren i caracteritzen la gesti\u00f3 de la secci\u00f3.<\/p>\n\n\n\n<p>Actualment la junta directiva est\u00e0 formada per la presidenta, que \u00e9s Montserrat Garriga Pujals,  i els Vocals, que s\u00f3n Carles Jans\u00e0 i Gran, David Melero Dom\u00e8nech, Maria Estrad\u00e9 Pujals, Ramon Set\u00f3 Vallverd\u00fa i Josep Toquero Pujals.<\/p>\n\n\n\n<p><\/p>\n\n\n\n<h3 class=\"wp-block-heading\">Activitats<\/h3>\n\n\n\n<p>Per a aconseguir aquests objectius la Secci\u00f3 de Lletres ha convocat:<\/p>\n\n\n\n<ul class=\"wp-block-list\">\n<li><strong>El Concurs Literari<\/strong> es va convocar durant 18 anys, des de 1973 fins al 1991. Tenia lloc una vega a l\u2019any i els jurats adjudicaven i entregaven els premis als guanyadors en un acte p\u00fablic. Quan el concurs es va deixar de fer, va ser substitu\u00eft per les Beques.<\/li>\n\n\n\n<li><strong>La Beca Moss\u00e8n Muntanyola<\/strong> estava dedicada a la poesia.<\/li>\n\n\n\n<li><strong>La Beca Doctor Torroja<\/strong> dedicada a la creaci\u00f3 liter\u00e0ria.<\/li>\n\n\n\n<li><strong>La Beca Doctor Gibert<\/strong> dedicada a la investigaci\u00f3 social i hist\u00f2rica que es va convocar des de 1992 fins al 2004. El premi era una quantitat amb diners. Totes aquestes beques servien per tenir temes i mat\u00e8ria important per a la confecci\u00f3 de llibres per editar. No obstant aix\u00f2, aquestes Beques tamb\u00e9 es van deixar de convocar.<\/li>\n\n\n\n<li><strong>La Roda d\u2019Art<\/strong>, que presentava cada any obres de pintura o escultura, tot col\u00b7laborant amb altres centres d\u2019estudis.<\/li>\n\n\n\n<li><strong>Confer\u00e8ncies i xarrades<\/strong>.<\/li>\n\n\n\n<li><strong>Homenatges<\/strong> a persones com Ramon Muntanyola, Esteve Pujals Fontrodona i Antoni Vicens Montserrat.<\/li>\n\n\n\n<li><strong>Col\u00b7lecci\u00f3 de Monografies<\/strong>. Col\u00b7lecci\u00f3 de llibres de tem\u00e0tica local. Fins al moment actual s\u2019han publicat 23 llibres.<\/li>\n<\/ul>\n\n\n\n<figure class=\"wp-block-image size-large\"><img loading=\"lazy\" decoding=\"async\" width=\"960\" height=\"720\" src=\"https:\/\/www.culturalvila-seca.cat\/lletres\/wp-content\/uploads\/sites\/13\/2020\/07\/lletrespresentaci\u00f3monografia2016-1.jpg\" alt=\"\" class=\"wp-image-46\" srcset=\"https:\/\/www.culturalvila-seca.cat\/lletres\/wp-content\/uploads\/sites\/13\/2020\/07\/lletrespresentaci\u00f3monografia2016-1.jpg 960w, https:\/\/www.culturalvila-seca.cat\/lletres\/wp-content\/uploads\/sites\/13\/2020\/07\/lletrespresentaci\u00f3monografia2016-1-300x225.jpg 300w, https:\/\/www.culturalvila-seca.cat\/lletres\/wp-content\/uploads\/sites\/13\/2020\/07\/lletrespresentaci\u00f3monografia2016-1-768x576.jpg 768w\" sizes=\"auto, (max-width: 960px) 100vw, 960px\" \/><figcaption class=\"wp-element-caption\">Presentaci\u00f3 de la Recerca 9<br>Fotografia: David Melero <\/figcaption><\/figure>\n\n\n\n<h3 class=\"wp-block-heading\">Llibres editats<\/h3>\n\n\n\n<p>1.-<em> La llegenda del Rescat de Sant Esteve,<\/em> d\u2019Eufemi\u00e0 Fort i Cogul (1973).<\/p>\n\n\n\n<p>2.- <em>Miscel\u00b7l\u00e0nia Moss\u00e8n Muntanyola. <\/em>Volum I (1974).<\/p>\n\n\n\n<p>3.- <em>Miscel\u00b7l\u00e0nia Moss\u00e8n Muntanyola. <\/em>Volum II (1974).<\/p>\n\n\n\n<p>4.- <em>Un gran vila-sec\u00e0 del segle XIII: fra Bonanat, abat de Santes Creus, <\/em>d\u2019Eufemi\u00e0 Fort i Cogul (1975).<\/p>\n\n\n\n<p>5.- <em>Topograf\u00eda M\u00e9dica de Vilaseca de Solcina, <\/em>d\u2019Agust\u00ed M. Gibert i Oliver (1977).<\/p>\n\n\n\n<p>6.- <em>Topon\u00edmia de Vila-seca de Solcina i el seu terme municipal, <\/em>de Ramon Amig\u00f3 i Angl\u00e8s (1978).<\/p>\n\n\n\n<p>7.- <em>Sant Bernat Calb\u00f3, abat de Santes Creus i bisbe de Vic, <\/em>d\u2019Eufemi\u00e0 Fort i Cogul ( 1979).<\/p>\n\n\n\n<p>8.- <em>Barenys i Emprius de Salou: aspectes econ\u00f2mics i socials (segles XII-XVIII), <\/em>d\u2019Anton Jord\u00e0 i Fern\u00e0ndez (1981).<\/p>\n\n\n\n<p>9.- <em>Vila-seca i Salou: el seu passat monumental, <\/em>d\u2019Emma Lia\u00f1o Mart\u00ednez (1984).<\/p>\n\n\n\n<p>10.- <em>Les plantes medicinals i d\u2019aplicaci\u00f3 del terme municipal de Vila-seca i Salou, <\/em>de Carles Jans\u00e0 i Gran ( 1985).<\/p>\n\n\n\n<p>11.- <em>Temps i vents. Poemes de Salou, <\/em>de Jordi Gebell\u00ed i Puig (1985).<\/p>\n\n\n\n<p>12.- <em>Vila-seca i Salou: aspectes econ\u00f2mics i socials en el segle XVIII, <\/em>de Josep Morell i Torradem\u00e8 (1986).<\/p>\n\n\n\n<p>12a.- <em>Vila-seca en el segle XVIII, <\/em>de Josep Morell Torradem\u00e8 (2\u00aa edici\u00f3) (1999).<\/p>\n\n\n\n<p>13.- <em>Cal\u00b7l\u00edpolis. Salauris. Aplec documentat de not\u00edcies hist\u00f2riques: Solcina (Vilaseca), la Pineda, Port de Salou, Platja de Barenys i Vilafortuny, <\/em>d\u2019Agust\u00ed M. Gibert i Oliver (1988).<\/p>\n\n\n\n<p>14.- <em>Antics territoris del municipi de Vila-seca i Salou, <\/em>de Ramon Farriol i Clav\u00e9, Carles Jans\u00e0 i Gran i Josep Morell i Torradem\u00e8 (1988).<\/p>\n\n\n\n<p>15.- <em>P\u00e0gines de la historia de Vila-seca de Solcina, <\/em>de Josep Morell Torradem\u00e8 (1990).<\/p>\n\n\n\n<p>15\u00aa.- <em>Hist\u00f2ria de Vila-seca, <\/em>de Josep Morell i Torradem\u00e8 (2\u00aa edici\u00f3) (1998).<\/p>\n\n\n\n<p>16.- <em>El \u201cRepertorio\u2026\u201d de Mn. Salvador Babot (1796-1874), <\/em>d\u2019Anton Jord\u00e0 i Fern\u00e0ndez (1992).<\/p>\n\n\n\n<p>17.- <em>Diccionari hist\u00f2ric d\u2019eines agr\u00edcoles de Vila-seca, <\/em>de Josep Morell i Torradem\u00e8 (1994).<\/p>\n\n\n\n<p>18.- <em>Les mines d\u2019aigua a Vila-seca i a Salou, <\/em>de Jordi C\u00e1ceres Silva, Ignasi Casals Mir\u00f3 i Francesc Gonz\u00e1lez Revert\u00e9 (1995).<\/p>\n\n\n\n<p>19.- <em>Epid\u00e8mies i demografia a Vila-seca, <\/em>de Ramon Farriol Clav\u00e9, Montserrat Garriga Pujals, Estefania Genov\u00e8s Salvad\u00f3, Carles Jans\u00e0 Gran i Josep Morell Torradem\u00e8 (1996).<\/p>\n\n\n\n<p>20.- <em>Evid\u00e8ncies del passat. Prehist\u00f2ria i m\u00f3n antic a Vila-seca, <\/em>de Maria Adserias Sans (1998).<\/p>\n\n\n\n<p>21.- <em>L\u2019emigraci\u00f3 vila-secana cap a Austr\u00e0lia i Am\u00e8rica entre 1860 i 1960, <\/em>de Montserrat Garriga Pujals (2001).<\/p>\n\n\n\n<p>22.- <em>Pirates i corsaris. Elsa tacs contra Vila-seca i la costa del Camp de Tarragona, <\/em>de Pedro Oti\u00f1a Hermoso (2016),<\/p>\n\n\n\n<p>23.- <em>El Rescat de les cent donzelles o de Sant Esteve, <\/em>de Coral Cuadrada Maj\u00f3 i Montserrat Garriga Pujals (2018).<\/p>\n\n\n\n<h3 class=\"wp-block-heading\">Col\u00b7lecci\u00f3 Recerca<\/h3>\n\n\n\n<p>Fins ara s\u2019han publicat 9 llibres.<\/p>\n\n\n\n<p>1.- <em>Recull de poemes, <\/em>de Ramon Sendra i Moyano (1984).<\/p>\n\n\n\n<p>2.- <em>Geografia f\u00edsica de Vila-seca i Salou, <\/em>de Josep Morell i Torradem\u00e8 81984).<\/p>\n\n\n\n<p>3.- <em>Miquel Escudero <\/em>(1985).<\/p>\n\n\n\n<p>4.- <em>XX Aniversari de la Secci\u00f3 de Lletres. Vila-secans il\u00b7lustres, <\/em>de Ramon Farriol i Clav\u00e9 (1993).<\/p>\n\n\n\n<p>5.- <em>Cronologia de Vila-seca, <\/em>de Josep Morell i Torradem\u00e8 (2003).<\/p>\n\n\n\n<p>6.- <em>El Ball de Sant Esteve, <\/em>de M. Pineda Cardona Morell (2008).<\/p>\n\n\n\n<p>7.- <em>Vila-seca a la Guerra del Franc\u00e8s (1808-1814), <\/em>de David Melero Dom\u00e8nech (2011).<\/p>\n\n\n\n<p>8.- <em>El Camp d\u2019Aviaci\u00f3 de la Pineda (Vila-seca. Tarragona), <\/em>de Pedro Oti\u00f1a Hermoso (2013).<\/p>\n\n\n\n<p>9.- <em>El segle XVI a Vila-seca: la vila i l\u2019esgl\u00e9sia, <\/em>de Josep Llop Tous (2015).<\/p>\n\n\n\n<h2 class=\"wp-block-heading\">El Ball de Sant Esteve<\/h2>\n\n\n\n<p>L\u2019any 2018, la Secci\u00f3 de Lletres va recuperar la representaci\u00f3 del Ball de Sant Esteve, que s\u2019havia fet cada any per la festa major, el dia 3 d\u2019agost, fins a finals del segle XIX, l\u2019any 1896.<\/p>\n\n\n\n<p>El 1965, puntualment, es va reinventar el ball i se\u2019n va fer una versi\u00f3 en catal\u00e0. El Ball de Sant Esteve que ara es representa \u00e9s un ball parlat que explica la Llegenda del Rescat de Sant Esteve i es basa en una c\u00f2pia manuscrita de 1879. L\u2019adaptaci\u00f3 al catal\u00e0 va anar a c\u00e0rrec de Pere Navarro G\u00f3mez i Mag\u00ed Sunyer Moln\u00e9, professors de la URV. La m\u00fasica, basada en tonades que sonaven al segle XVIII, va ser arranjada per \u00c0ngel Vallverd\u00fa Rom, investigador i assessor de m\u00fasica tradicional. Hi ha el prop\u00f2sit i la intenci\u00f3 de mantenir la seva continu\u00eftat.<\/p>\n\n\n\n<figure class=\"wp-block-embed is-type-video is-provider-youtube wp-block-embed-youtube wp-embed-aspect-16-9 wp-has-aspect-ratio\"><div class=\"wp-block-embed__wrapper\">\n<iframe loading=\"lazy\" title=\"Representacio\u0301 Ball de Sant Esteve de Vila-seca Tarragona Agost 2018\" width=\"640\" height=\"360\" src=\"https:\/\/www.youtube.com\/embed\/2AiL-b2dl7Y?feature=oembed\" frameborder=\"0\" allow=\"accelerometer; autoplay; clipboard-write; encrypted-media; gyroscope; picture-in-picture; web-share\" referrerpolicy=\"strict-origin-when-cross-origin\" allowfullscreen><\/iframe>\n<\/div><\/figure>\n\n\n\n<p>Per les representacions es compta amb la col\u00b7laboraci\u00f3 del grup de teatre La Tramoia de Vila-seca amb la participaci\u00f3 dels actors seg\u00fcents: <\/p>\n\n\n\n<div class=\"wp-block-columns is-layout-flex wp-container-core-columns-is-layout-9d6595d7 wp-block-columns-is-layout-flex\">\n<div class=\"wp-block-column is-layout-flow wp-block-column-is-layout-flow\">\n<ul class=\"wp-block-list\">\n<li>Anna Plaza Poblet<\/li>\n\n\n\n<li>Ivan Bernal \u00c1lvarez<\/li>\n\n\n\n<li>Esteve Grasset Jans\u00e0<\/li>\n\n\n\n<li>David Ortega Rodr\u00edguez<\/li>\n\n\n\n<li>Cisco Prim\u00e9 Vidiella<\/li>\n\n\n\n<li>Jacint Clav\u00e9 Salt\u00f3<\/li>\n\n\n\n<li>Robert Rodr\u00edguez Fibla<\/li>\n\n\n\n<li>Albert Llop Pintado<\/li>\n\n\n\n<li>Ramon Cardona Ballv\u00e8<\/li>\n\n\n\n<li>Jordi Salvad\u00f3 Molero<\/li>\n\n\n\n<li>Jofre Sugra\u00f1es Soler<\/li>\n\n\n\n<li>Irene Mat\u00edn Abellan<\/li>\n\n\n\n<li>Cristina Llaurad\u00f3 Magri\u00f1\u00e0<\/li>\n\n\n\n<li>Ester Clav\u00e9 Salt\u00f3<\/li>\n<\/ul>\n<\/div>\n\n\n\n<div class=\"wp-block-column is-layout-flow wp-block-column-is-layout-flow\">\n<ul class=\"wp-block-list\">\n<li>Xavier Amor\u00f3s Gabarr\u00f3n<\/li>\n\n\n\n<li>Miquel Edo L\u00f3pez<\/li>\n\n\n\n<li>Josep Forast\u00e9 Casas<\/li>\n\n\n\n<li>German Flores Caparr\u00f3s<\/li>\n\n\n\n<li>Eloi Red\u00f3n Gonz\u00e1lez<\/li>\n\n\n\n<li>Xavier Grasset Morell<\/li>\n\n\n\n<li>Interpretaci\u00f3 musical de La Patuleia \u2013 Cobla de tres quartans<\/li>\n\n\n\n<li>Maquillatge i caracteritzaci\u00f3, Pineda Aguilar Badia. <\/li>\n\n\n\n<li>T\u00e8cnic de so, Ramon Beneito<\/li>\n\n\n\n<li>Direcci\u00f3 d&#8217;Al\u00edcia Besc\u00f3s, Josep Forast\u00e9 i Robert Rodr\u00edguez.<\/li>\n<\/ul>\n<\/div>\n<\/div>\n\n\n\n<div class=\"wp-block-buttons is-layout-flex wp-block-buttons-is-layout-flex\">\n<div class=\"wp-block-button\"><a class=\"wp-block-button__link has-text-color has-background wp-element-button\" href=\"http:\/\/rescatsantesteve.cat\/\" style=\"color:#ffffff;background-color:#01607d\" target=\"_blank\" rel=\"noreferrer noopener\">Visita el web del Ball Parlat del Rescat de Sant Esteve<\/a><\/div>\n<\/div>\n\n\n\n<figure class=\"wp-block-image size-large is-style-rounded credit_autor\"><img loading=\"lazy\" decoding=\"async\" width=\"1024\" height=\"1024\" src=\"https:\/\/www.culturalvila-seca.cat\/lletres\/wp-content\/uploads\/sites\/13\/2022\/02\/montse-3-1024x1024.jpg\" alt=\"\" class=\"wp-image-148\" srcset=\"https:\/\/www.culturalvila-seca.cat\/lletres\/wp-content\/uploads\/sites\/13\/2022\/02\/montse-3-1024x1024.jpg 1024w, https:\/\/www.culturalvila-seca.cat\/lletres\/wp-content\/uploads\/sites\/13\/2022\/02\/montse-3-300x300.jpg 300w, https:\/\/www.culturalvila-seca.cat\/lletres\/wp-content\/uploads\/sites\/13\/2022\/02\/montse-3-150x150.jpg 150w, https:\/\/www.culturalvila-seca.cat\/lletres\/wp-content\/uploads\/sites\/13\/2022\/02\/montse-3-768x768.jpg 768w, https:\/\/www.culturalvila-seca.cat\/lletres\/wp-content\/uploads\/sites\/13\/2022\/02\/montse-3.jpg 1403w\" sizes=\"auto, (max-width: 1024px) 100vw, 1024px\" \/><figcaption class=\"wp-element-caption\">Montse Garriga Pujals<br>Presidenta de la Secci\u00f3 de Lletres<\/figcaption><\/figure>\n\n\n\n<p><\/p>\n","protected":false},"excerpt":{"rendered":"<p>Promovem la creaci\u00f3 liter\u00e0ria i la investigaci\u00f3 de temes vila-secans. La Secci\u00f3 de Lletres, que forma part de l\u2019Agrupaci\u00f3 Cultural de Vila-seca, es va crear amb l\u2019objectiu de promoure i estimular la creaci\u00f3 liter\u00e0ria, la investigaci\u00f3 de temes vila-secans sobre hist\u00f2ria, geografia, poesia, bot\u00e0nica, topografia, etc. Aquest conjunt d&#8217;activitats configuren i caracteritzen la gesti\u00f3 de [&hellip;]<\/p>\n","protected":false},"author":1,"featured_media":0,"parent":0,"menu_order":0,"comment_status":"closed","ping_status":"closed","template":"","meta":{"_acf_changed":false,"footnotes":""},"class_list":["post-8","page","type-page","status-publish","hentry"],"acf":[],"_links":{"self":[{"href":"https:\/\/www.culturalvila-seca.cat\/lletres\/wp-json\/wp\/v2\/pages\/8","targetHints":{"allow":["GET"]}}],"collection":[{"href":"https:\/\/www.culturalvila-seca.cat\/lletres\/wp-json\/wp\/v2\/pages"}],"about":[{"href":"https:\/\/www.culturalvila-seca.cat\/lletres\/wp-json\/wp\/v2\/types\/page"}],"author":[{"embeddable":true,"href":"https:\/\/www.culturalvila-seca.cat\/lletres\/wp-json\/wp\/v2\/users\/1"}],"replies":[{"embeddable":true,"href":"https:\/\/www.culturalvila-seca.cat\/lletres\/wp-json\/wp\/v2\/comments?post=8"}],"version-history":[{"count":19,"href":"https:\/\/www.culturalvila-seca.cat\/lletres\/wp-json\/wp\/v2\/pages\/8\/revisions"}],"predecessor-version":[{"id":161,"href":"https:\/\/www.culturalvila-seca.cat\/lletres\/wp-json\/wp\/v2\/pages\/8\/revisions\/161"}],"wp:attachment":[{"href":"https:\/\/www.culturalvila-seca.cat\/lletres\/wp-json\/wp\/v2\/media?parent=8"}],"curies":[{"name":"wp","href":"https:\/\/api.w.org\/{rel}","templated":true}]}}